{"id":527,"date":"2019-09-16T09:25:46","date_gmt":"2019-09-16T09:25:46","guid":{"rendered":"https:\/\/www.holiday-stmoritz.com\/?page_id=527&#038;lang=de"},"modified":"2024-06-27T10:22:32","modified_gmt":"2024-06-27T08:22:32","slug":"home","status":"publish","type":"page","link":"https:\/\/www.holiday-stmoritz.com\/de\/","title":{"rendered":"Home"},"content":{"rendered":"\n<div class=\"wp-block-group\"><div class=\"wp-block-group__inner-container is-layout-flow wp-block-group-is-layout-flow\">\n<div class=\"wp-block-group\"><div class=\"wp-block-group__inner-container is-layout-flow wp-block-group-is-layout-flow\">\n<section id=\"section-82032945-8936-429d-af7f-563f629b7d9d\" class=\"wp-block-gutentor-image-slider gutentor-section gutentor-image-slider imageSlider-template1 has-gutentor-block-shape-bottom text-left\"><div class=\"gutentor-grid-item-wrap\"><div class=\"gutentor-slider-wrapper\" data-dots=\"true\" data-dots-tablet=\"false\" data-dots-mobile=\"false\" data-arrows=\"true\" data-arrows-tablet=\"false\" data-arrows-mobile=\"false\" data-infinite=\"true\" data-nextarrow=\"fas fa-angle-right\" data-prevarrow=\"fas fa-angle-left\" data-autoplay=\"true\" data-autoplayspeed=\"5000\" data-blockimagesliderfade=\"false\" data-speed=\"1500\"><div class=\"gutentor-slider-item\"><div class=\"gutentor-single-item gutentor-single-item-0\"><div class=\"gutentor-single-item-wrap\"><div class=\"gutentor-single-item-image-box\"><div class=\"gutentor-bg-image\"><\/div><\/div><div class=\"gutentor-single-item-content\"><div class=\"grid-container\"><div class=\"slider-caption text-left\"><h2 class=\"gutentor-single-item-title\">Residenz Am See St. Moritz<\/h2><p class=\"gutentor-single-item-desc\">Verbringen Sie unvergessliche Ferien inmitten einer malerischen Landschaft, einer von Bergen umringten Hochebene mit Aussicht auf das Tal n der  Residenz Am See <\/p><\/div><\/div><\/div><\/div><\/div><\/div><div class=\"gutentor-slider-item\"><div class=\"gutentor-single-item gutentor-single-item-1\"><div class=\"gutentor-single-item-wrap\"><div class=\"gutentor-single-item-image-box\"><div class=\"gutentor-bg-image\"><\/div><\/div><div class=\"gutentor-single-item-content\"><div class=\"grid-container\"><div class=\"slider-caption text-left\"><h2 class=\"gutentor-single-item-title\"> Residenz Am See  St. Moritz <\/h2><p class=\"gutentor-single-item-desc\"> St. Moritz: &#8211; Sonne \u2013 Berge  &#8211; Schnee \u2013 Seen\u2026<\/p><\/div><\/div><\/div><\/div><\/div><\/div><div class=\"gutentor-slider-item\"><div class=\"gutentor-single-item gutentor-single-item-2\"><div class=\"gutentor-single-item-wrap\"><div class=\"gutentor-single-item-image-box\"><div class=\"gutentor-bg-image\"><\/div><\/div><div class=\"gutentor-single-item-content\"><div class=\"grid-container\"><div class=\"slider-caption text-left\"><h2 class=\"gutentor-single-item-title\"> Residenz Am See  St. Moritz <\/h2><p class=\"gutentor-single-item-desc\">St. Moritz: &#8211; Sonne \u2013 Berge  &#8211; Schnee \u2013 Seen\u2026<\/p><\/div><\/div><\/div><\/div><\/div><\/div><div class=\"gutentor-slider-item\"><div class=\"gutentor-single-item gutentor-single-item-3\"><div class=\"gutentor-single-item-wrap\"><div class=\"gutentor-single-item-image-box\"><div class=\"gutentor-bg-image\"><\/div><\/div><div class=\"gutentor-single-item-content\"><div class=\"grid-container\"><div class=\"slider-caption text-left\"><h2 class=\"gutentor-single-item-title\"> Residenz Am See  St. Moritz <\/h2><p class=\"gutentor-single-item-desc\">St. Moritz: &#8211; Sonne \u2013 Berge  &#8211; Schnee \u2013 Seen\u2026<\/p><\/div><\/div><\/div><\/div><\/div><\/div><\/div><\/div><div class=\"gutentor-block-shape-bottom\"><span><svg xmlns=\"http:\/\/www.w3.org\/2000\/svg\" viewBox=\"0 0 1000 100\" preserveAspectRatio=\"none\"><path d=\"M0,6V0H1000V100Z\" transform=\"translate(0 0)\"><\/path><\/svg><\/span><\/div><\/section>\n<\/div><\/div>\n<\/div><\/div>\n\n\n\n<div id=\"casa_de\" class=\"wp-block-group\"><div class=\"wp-block-group__inner-container is-layout-flow wp-block-group-is-layout-flow\">\n<section id=\"section-d9a5a84b-6ec4-4f82-9ea4-5151d65a565b\" class=\"wp-block-gutentor-about-block gutentor-section gutentor-about about-template4 has-color-bg has-custom-bg text-left\"><div class=\"grid-container\"><div class=\"gutentor-grid-item-wrap\"><div class=\"gutentor-single-item\"><div class=\"grid-row\"><div class=\"grid-md-6 about-grid\"><div class=\"gutentor-single-item-content\"><div class=\"gutentor-about-content\"><h3 class=\"gutentor-single-item-title\">Wohnung  <br>St. Moritz<\/h3><p class=\"gutentor-single-item-desc\">Diese sch\u00f6ne Wohnung befindet sich direkt am See in St. Moritz, an ruhiger und sonniger Lage. Die Aussicht auf die umliegenden Berge ist atemberaubend und die Einkaufszentren sind nur 5 Gehminuten entfernt. Die gesamte touristische Infrastruktur von St. Moritz ist nur wenige Minuten entfernt.<\/p><\/div><\/div><\/div><div class=\"grid-md-6 about-grid\"><div class=\"gutentor-single-item-image-box\"><div class=\"gutentor-image-thumb\"><img decoding=\"async\" class=\"normal-image\" src=\"https:\/\/www.holiday-stmoritz.com\/wp-content\/uploads\/2024\/06\/up_88C9A5FF-C93C-7FDB-EA9389A2D25D06A2_gross_239983-4.jpg\" alt=\"\"\/><\/div><\/div><\/div><\/div><\/div><\/div><\/div><\/section>\n<\/div><\/div>\n\n\n\n<div id=\"servizi_de\" class=\"wp-block-group\"><div class=\"wp-block-group__inner-container is-layout-flow wp-block-group-is-layout-flow\">\n<div class=\"wp-block-group alignwide has-very-dark-gray-background-color has-background\"><div class=\"wp-block-group__inner-container is-layout-flow wp-block-group-is-layout-flow\">\n<section id=\"section-c74e5fbb-5193-4fe7-be46-c9ba09fa6c54\" class=\"wp-block-gutentor-icon-box alignwide gutentor-section gutentor-icon-wrapper icon-template2 has-color-bg has-custom-bg gutentor-position-default-desktop gutentor-position-default-tablet gutentor-position-default-mobile text-center icon-center\"><div class=\"grid-container gutentor-rm-ct-space-d\"><div class=\"gutentor-block-header\"><div class=\"gutentor-section-title text-center\"><h2 class=\"gutentor-title\">Die Wohnung besteht aus:<\/h2><\/div><\/div><div class=\"grid-row gutentor-grid-item-wrap gutentor-rm-row-space-d\"><div class=\"gutentor-grid-column grid-lg-3 grid-md-4 grid-12 gutentor-rm-col-space-d\"><div class=\"gutentor-single-item gutentor-icon gutentor-single-item-0\"><div class=\"gutentor-single-item-wrap\"><div class=\"gutentor-single-item-icon-box\"><i class=\"fas fa-bed\"><\/i><\/div><div class=\"gutentor-single-item-content\"><h4 class=\"gutentor-single-item-title\"> 1<br>Doppelbettzimmer  <br> <br><\/h4><\/div><\/div><\/div><\/div><div class=\"gutentor-grid-column grid-lg-3 grid-md-4 grid-12 gutentor-rm-col-space-d\"><div class=\"gutentor-single-item gutentor-icon gutentor-single-item-1\"><div class=\"gutentor-single-item-wrap\"><div class=\"gutentor-single-item-icon-box\"><i class=\"fas fa-bed\"><\/i><\/div><div class=\"gutentor-single-item-content\"><h4 class=\"gutentor-single-item-title\">Doppelbett im Wohnzimmer<\/h4><\/div><\/div><\/div><\/div><div class=\"gutentor-grid-column grid-lg-3 grid-md-4 grid-12 gutentor-rm-col-space-d\"><div class=\"gutentor-single-item gutentor-icon gutentor-single-item-2\"><div class=\"gutentor-single-item-wrap\"><div class=\"gutentor-single-item-icon-box\"><i class=\"fas fa-desktop\"><\/i><\/div><div class=\"gutentor-single-item-content\"><h4 class=\"gutentor-single-item-title\">Free Wi-Fi e  TV <\/h4><\/div><\/div><\/div><\/div><div class=\"gutentor-grid-column grid-lg-3 grid-md-4 grid-12 gutentor-rm-col-space-d\"><div class=\"gutentor-single-item gutentor-icon gutentor-single-item-3\"><div class=\"gutentor-single-item-wrap\"><div class=\"gutentor-single-item-icon-box\"><i class=\"fab fa-gripfire\"><\/i><\/div><div class=\"gutentor-single-item-content\"><h4 class=\"gutentor-single-item-title\">Wohnzimmer mit Essecke K\u00fcche mit Geschirrsp\u00fcler<\/h4><\/div><\/div><\/div><\/div><div class=\"gutentor-grid-column grid-lg-3 grid-md-4 grid-12 gutentor-rm-col-space-d\"><div class=\"gutentor-single-item gutentor-icon gutentor-single-item-4\"><div class=\"gutentor-single-item-wrap\"><div class=\"gutentor-single-item-icon-box\"><i class=\"fas fa-bath\"><\/i><\/div><div class=\"gutentor-single-item-content\"><h4 class=\"gutentor-single-item-title\">Badezimmer mit WC<\/h4><\/div><\/div><\/div><\/div><div class=\"gutentor-grid-column grid-lg-3 grid-md-4 grid-12 gutentor-rm-col-space-d\"><div class=\"gutentor-single-item gutentor-icon gutentor-single-item-5\"><div class=\"gutentor-single-item-wrap\"><div class=\"gutentor-single-item-icon-box\"><i class=\"fas fa-th-list\"><\/i><\/div><div class=\"gutentor-single-item-content\"><h4 class=\"gutentor-single-item-title\">Bettw\u00e4sche und Handt\u00fccher werden zur Verf\u00fcgung gestellt<\/h4><\/div><\/div><\/div><\/div><div class=\"gutentor-grid-column grid-lg-3 grid-md-4 grid-12 gutentor-rm-col-space-d\"><div class=\"gutentor-single-item gutentor-icon gutentor-single-item-6\"><div class=\"gutentor-single-item-wrap\"><div class=\"gutentor-single-item-icon-box\"><i class=\"fas fa-sun\"><\/i><\/div><div class=\"gutentor-single-item-content\"><h4 class=\"gutentor-single-item-title\">Balkon mit Aussicht auf das Tal<\/h4><\/div><\/div><\/div><\/div><div class=\"gutentor-grid-column grid-lg-3 grid-md-4 grid-12 gutentor-rm-col-space-d\"><div class=\"gutentor-single-item gutentor-icon gutentor-single-item-7\"><div class=\"gutentor-single-item-wrap\"><div class=\"gutentor-single-item-icon-box\"><i class=\"fas fa-car\"><\/i><\/div><div class=\"gutentor-single-item-content\"><h4 class=\"gutentor-single-item-title\">Parkpl\u00e4tze und Garage<\/h4><\/div><\/div><\/div><\/div><\/div><\/div><\/section>\n<\/div><\/div>\n<\/div><\/div>\n\n\n\n<div class=\"wp-block-group\"><div class=\"wp-block-group__inner-container is-layout-flow wp-block-group-is-layout-flow\">\n<div class=\"wp-block-group\"><div class=\"wp-block-group__inner-container is-layout-flow wp-block-group-is-layout-flow\">\n<div class=\"wp-block-group\"><div class=\"wp-block-group__inner-container is-layout-flow wp-block-group-is-layout-flow\">\n<section id=\"section-fa577890-33e1-4375-945c-881f6ed62f4a\" class=\"wp-block-gutentor-counter-box gutentor-section gutentor-counter-wrapper counter-template3 has-image-bg has-custom-bg has-gutentor-overlay text-left\"><div class=\"grid-container\"><div class=\"grid-row gutentor-grid-item-wrap\"><div class=\"gutentor-grid-column grid-lg-4 grid-md-3 grid-12\"><div class=\"gutentor-single-item gutentor-counter gutentor-single-item-0\"><div class=\"gutentor-single-item-wrap\"><div class=\"gutentor-single-item-icon-box\"><i class=\"fas fa-sort-amount-up\"><\/i><\/div><div class=\"gutentor-single-item-content\"><p class=\"gutentor-single-item-number\" data-duration=\"2\" data-start=\"0\" data-end=\"1822\"><\/p><h3 class=\"gutentor-single-item-title\">  Meter \u00fc. M.<\/h3><\/div><\/div><\/div><\/div><div class=\"gutentor-grid-column grid-lg-4 grid-md-3 grid-12\"><div class=\"gutentor-single-item gutentor-counter gutentor-single-item-1\"><div class=\"gutentor-single-item-wrap\"><div class=\"gutentor-single-item-icon-box\"><i class=\"fas fa-child\"><\/i><\/div><div class=\"gutentor-single-item-content\"><p class=\"gutentor-single-item-number\" data-duration=\"2\" data-start=\"0\" data-end=\"5067\"><\/p><h3 class=\"gutentor-single-item-title\"> Bev\u00f6lkerung<\/h3><\/div><\/div><\/div><\/div><div class=\"gutentor-grid-column grid-lg-4 grid-md-3 grid-12\"><div class=\"gutentor-single-item gutentor-counter gutentor-single-item-2\"><div class=\"gutentor-single-item-wrap\"><div class=\"gutentor-single-item-icon-box\"><i class=\"fas fa-tree\"><\/i><\/div><div class=\"gutentor-single-item-content\"><p class=\"gutentor-single-item-number\" data-duration=\"2\" data-start=\"0\" data-end=\"163\"><\/p><h3 class=\"gutentor-single-item-title\">pisteN km<\/h3><\/div><\/div><\/div><\/div><\/div><\/div><\/section>\n<\/div><\/div>\n<\/div><\/div>\n<\/div><\/div>\n\n\n\n<div id=\"galleria_de\" class=\"wp-block-group\"><div class=\"wp-block-group__inner-container is-layout-flow wp-block-group-is-layout-flow\">\n<section id=\"section-d8efbc3b-84c8-4eb8-b4bd-40b679778de4\" class=\"wp-block-gutentor-gallery gutentor-section gutentor-gallery gutentor-gallery-wrapper enable-masonry gallery-template2 has-color-bg has-custom-bg text-left\"><div class=\"grid-container\"><div class=\"gutentor-block-header\"><div class=\"gutentor-section-title text-center\"><h2 class=\"gutentor-title\">Galerie<\/h2><\/div><\/div><div class=\"grid-row gutentor-grid-item-wrap full-width-row\"><div class=\"gutentor-gallery-item grid-lg-4 grid-md-4 grid-12\"><div class=\"gutentor-single-item gutentor-image gutentor-single-item-0\"><div class=\"gutentor-gallery-item-wrap\"><div class=\"gutentor-single-item-image-box\"><div class=\"gutentor-image-thumb\"><img decoding=\"async\" class=\"normal-image\" src=\"https:\/\/www.holiday-stmoritz.com\/wp-content\/uploads\/2024\/06\/Soggiorno-2-scaled.jpg\" alt=\"\"\/><div class=\"overlay\"><\/div><\/div><\/div><div class=\"gutentor-single-item-content\"><div class=\"gutentor-gallery-item-header\"><h3 class=\"gutentor-single-item-title\"> Wohnzimmer<\/h3><a href=\"https:\/\/www.holiday-stmoritz.com\/wp-content\/uploads\/2024\/06\/Soggiorno-2-scaled.jpg\" class=\"image-gallery\"><i class=\"gallery-icon fas fa-search\"><\/i><\/a><\/div><div class=\"gutentor-gallery-item-desc\"><\/div><\/div><\/div><\/div><\/div><div class=\"gutentor-gallery-item grid-lg-4 grid-md-4 grid-12\"><div class=\"gutentor-single-item gutentor-image gutentor-single-item-1\"><div class=\"gutentor-gallery-item-wrap\"><div class=\"gutentor-single-item-image-box\"><div class=\"gutentor-image-thumb\"><img decoding=\"async\" class=\"normal-image\" src=\"https:\/\/www.holiday-stmoritz.com\/wp-content\/uploads\/2024\/06\/Soggiorno-3-7-scaled.jpg\" alt=\"\"\/><div class=\"overlay\"><\/div><\/div><\/div><div class=\"gutentor-single-item-content\"><div class=\"gutentor-gallery-item-header\"><h3 class=\"gutentor-single-item-title\">Esszimmer <\/h3><a href=\"https:\/\/www.holiday-stmoritz.com\/wp-content\/uploads\/2024\/06\/Soggiorno-3-7-scaled.jpg\" class=\"image-gallery\"><i class=\"gallery-icon fas fa-search\"><\/i><\/a><\/div><div class=\"gutentor-gallery-item-desc\"><\/div><\/div><\/div><\/div><\/div><div class=\"gutentor-gallery-item grid-lg-4 grid-md-4 grid-12\"><div class=\"gutentor-single-item gutentor-image gutentor-single-item-2\"><div class=\"gutentor-gallery-item-wrap\"><div class=\"gutentor-single-item-image-box\"><div class=\"gutentor-image-thumb\"><img decoding=\"async\" class=\"normal-image\" src=\"https:\/\/www.holiday-stmoritz.com\/wp-content\/uploads\/2024\/06\/Vista-Sud-da-balcone-2-2-scaled.jpg\" alt=\"\"\/><div class=\"overlay\"><\/div><\/div><\/div><div class=\"gutentor-single-item-content\"><div class=\"gutentor-gallery-item-header\"><h3 class=\"gutentor-single-item-title\"> Aussicht<\/h3><a href=\"https:\/\/www.holiday-stmoritz.com\/wp-content\/uploads\/2024\/06\/Vista-Sud-da-balcone-2-2-scaled.jpg\" class=\"image-gallery\"><i class=\"gallery-icon fas fa-search\"><\/i><\/a><\/div><div class=\"gutentor-gallery-item-desc\"><\/div><\/div><\/div><\/div><\/div><div class=\"gutentor-gallery-item grid-lg-4 grid-md-4 grid-12\"><div class=\"gutentor-single-item gutentor-image gutentor-single-item-3\"><div class=\"gutentor-gallery-item-wrap\"><div class=\"gutentor-single-item-image-box\"><div class=\"gutentor-image-thumb\"><img decoding=\"async\" class=\"normal-image\" src=\"https:\/\/www.holiday-stmoritz.com\/wp-content\/uploads\/2024\/06\/doccia-WC-1-scaled.jpg\" alt=\"\"\/><div class=\"overlay\"><\/div><\/div><\/div><div class=\"gutentor-single-item-content\"><div class=\"gutentor-gallery-item-header\"><h3 class=\"gutentor-single-item-title\">Bad<\/h3><a href=\"https:\/\/www.holiday-stmoritz.com\/wp-content\/uploads\/2024\/06\/doccia-WC-1-scaled.jpg\" class=\"image-gallery\"><i class=\"gallery-icon fas fa-search\"><\/i><\/a><\/div><div class=\"gutentor-gallery-item-desc\"><\/div><\/div><\/div><\/div><\/div><div class=\"gutentor-gallery-item grid-lg-4 grid-md-4 grid-12\"><div class=\"gutentor-single-item gutentor-image gutentor-single-item-4\"><div class=\"gutentor-gallery-item-wrap\"><div class=\"gutentor-single-item-image-box\"><div class=\"gutentor-image-thumb\"><img decoding=\"async\" class=\"normal-image\" src=\"https:\/\/www.holiday-stmoritz.com\/wp-content\/uploads\/2024\/06\/Vista-Nord-da-atrio-scale-2-scaled.jpg\" alt=\"\"\/><div class=\"overlay\"><\/div><\/div><\/div><div class=\"gutentor-single-item-content\"><div class=\"gutentor-gallery-item-header\"><h3 class=\"gutentor-single-item-title\"> Aussicht<\/h3><a href=\"https:\/\/www.holiday-stmoritz.com\/wp-content\/uploads\/2024\/06\/Vista-Nord-da-atrio-scale-2-scaled.jpg\" class=\"image-gallery\"><i class=\"gallery-icon fas fa-search\"><\/i><\/a><\/div><div class=\"gutentor-gallery-item-desc\"><\/div><\/div><\/div><\/div><\/div><div class=\"gutentor-gallery-item grid-lg-4 grid-md-4 grid-12\"><div class=\"gutentor-single-item gutentor-image gutentor-single-item-5\"><div class=\"gutentor-gallery-item-wrap\"><div class=\"gutentor-single-item-image-box\"><div class=\"gutentor-image-thumb\"><img decoding=\"async\" class=\"normal-image\" src=\"https:\/\/www.holiday-stmoritz.com\/wp-content\/uploads\/2024\/06\/Cucina-2-4-scaled.jpg\" alt=\"\"\/><div class=\"overlay\"><\/div><\/div><\/div><div class=\"gutentor-single-item-content\"><div class=\"gutentor-gallery-item-header\"><h3 class=\"gutentor-single-item-title\">K\u00fcche<\/h3><a href=\"https:\/\/www.holiday-stmoritz.com\/wp-content\/uploads\/2024\/06\/Cucina-2-4-scaled.jpg\" class=\"image-gallery\"><i class=\"gallery-icon fas fa-search\"><\/i><\/a><\/div><div class=\"gutentor-gallery-item-desc\"><\/div><\/div><\/div><\/div><\/div><div class=\"gutentor-gallery-item grid-lg-4 grid-md-4 grid-12\"><div class=\"gutentor-single-item gutentor-image gutentor-single-item-6\"><div class=\"gutentor-gallery-item-wrap\"><div class=\"gutentor-single-item-image-box\"><div class=\"gutentor-image-thumb\"><img decoding=\"async\" class=\"normal-image\" src=\"https:\/\/www.holiday-stmoritz.com\/wp-content\/uploads\/2024\/06\/Camera-1-3-scaled.jpg\" alt=\"\"\/><div class=\"overlay\"><\/div><\/div><\/div><div class=\"gutentor-single-item-content\"><div class=\"gutentor-gallery-item-header\"><h3 class=\"gutentor-single-item-title\"> Schlafzimmer<\/h3><a href=\"https:\/\/www.holiday-stmoritz.com\/wp-content\/uploads\/2024\/06\/Camera-1-3-scaled.jpg\" class=\"image-gallery\"><i class=\"gallery-icon fas fa-search\"><\/i><\/a><\/div><div class=\"gutentor-gallery-item-desc\"><\/div><\/div><\/div><\/div><\/div><div class=\"gutentor-gallery-item grid-lg-4 grid-md-4 grid-12\"><div class=\"gutentor-single-item gutentor-image gutentor-single-item-7\"><div class=\"gutentor-gallery-item-wrap\"><div class=\"gutentor-single-item-image-box\"><div class=\"gutentor-image-thumb\"><img decoding=\"async\" class=\"normal-image\" src=\"https:\/\/www.holiday-stmoritz.com\/wp-content\/uploads\/2024\/06\/Camera-2-3-scaled.jpg\" alt=\"\"\/><div class=\"overlay\"><\/div><\/div><\/div><div class=\"gutentor-single-item-content\"><div class=\"gutentor-gallery-item-header\"><h3 class=\"gutentor-single-item-title\"> Schlafzimmer<\/h3><a href=\"https:\/\/www.holiday-stmoritz.com\/wp-content\/uploads\/2024\/06\/Camera-2-3-scaled.jpg\" class=\"image-gallery\"><i class=\"gallery-icon fas fa-search\"><\/i><\/a><\/div><div class=\"gutentor-gallery-item-desc\"><\/div><\/div><\/div><\/div><\/div><div class=\"gutentor-gallery-item grid-lg-4 grid-md-4 grid-12\"><div class=\"gutentor-single-item gutentor-image gutentor-single-item-8\"><div class=\"gutentor-gallery-item-wrap\"><div class=\"gutentor-single-item-image-box\"><div class=\"gutentor-image-thumb\"><img decoding=\"async\" class=\"normal-image\" src=\"https:\/\/www.holiday-stmoritz.com\/wp-content\/uploads\/2024\/06\/doccia-WC-2-6-scaled.jpg\" alt=\"\"\/><div class=\"overlay\"><\/div><\/div><\/div><div class=\"gutentor-single-item-content\"><div class=\"gutentor-gallery-item-header\"><h3 class=\"gutentor-single-item-title\">Bad<\/h3><a href=\"https:\/\/www.holiday-stmoritz.com\/wp-content\/uploads\/2024\/06\/doccia-WC-2-6-scaled.jpg\" class=\"image-gallery\"><i class=\"gallery-icon fas fa-search\"><\/i><\/a><\/div><div class=\"gutentor-gallery-item-desc\"><\/div><\/div><\/div><\/div><\/div><\/div><\/div><\/section>\n<\/div><\/div>\n\n\n\n<div id=\"sudinoi_de\" class=\"wp-block-group\"><div class=\"wp-block-group__inner-container is-layout-flow wp-block-group-is-layout-flow\">\n<hr class=\"wp-block-separator has-css-opacity\"\/>\n<\/div><\/div>\n\n\n\n<section id=\"section-c0cf8710-a243-470b-8dbc-50987393490e\" class=\"wp-block-gutentor-call-to-action gutentor-section  gutentor-calltoaction call-to-action-template3 has-image-bg has-custom-bg has-gutentor-overlay text-left\"><div class=\"grid-container\"><div class=\"gutentor-grid-item-wrap\"><div class=\"gutentor-single-item\"><div class=\"gutentor-single-item-content\"><h2 class=\"gutentor-single-item-title\"> Verbringen Sie einen gro\u00dfartigen Urlaub in St. Moritz<\/h2><div class=\"gutentor-single-item-desc\"><\/div><div class=\"gutentor-button-group\"><a class=\"gutentor-button gutentor-single-item-button gutentor-icon-hide\" href=\"#contattaci\"><i class=\"gutentor-button-icon fas fa-book\"><\/i><span>  Kontakt<\/span><\/a><\/div><\/div><\/div><\/div><\/div><\/section>\n\n\n\n<hr class=\"wp-block-separator has-css-opacity\"\/>\n\n\n\n<div id=\"disponibilita_de\" class=\"wp-block-group\"><div class=\"wp-block-group__inner-container is-layout-flow wp-block-group-is-layout-flow\">\n<h2 class=\"wp-block-heading has-text-align-center\">Verf\u00fcgbarkeit und Preise<\/h2>\n<\/div><\/div>\n\n\n\n<div id=\"section-g94bb0f\" class=\"wp-block-gutentor-e0 section-g94bb0f gutentor-element gutentor-element-advanced-text text-align-center-desktop\"><div class=\"gutentor-text-wrap\"><h5 class=\"gutentor-text\">Die Preise sind saisonbedingt<br> Sommer: von CHF 130 bis 160 pro Tag  (Juni bis September)<br> Winter: CHF 250 pro Tag zwischen Weihnachten und Neujahr und CHF 180 bis CHF 220 pro Tag von Januar bis M\u00e4rz.<br> W\u00e4hrend der Zwischensaison gew\u00e4hren wir interessante Preisreduktionen<\/h5><\/div><\/div>\n\n\n\n<div class=\"wp-block-group alignfull\" id=\"contattaci_de\"><div class=\"wp-block-group__inner-container is-layout-flow wp-block-group-is-layout-flow\">\n<div id=\"contattaci\" class=\"wp-block-group\"><div class=\"wp-block-group__inner-container is-layout-flow wp-block-group-is-layout-flow\">\n<hr class=\"wp-block-separator has-css-opacity\"\/>\n\n\n\n<section id=\"gm20d6055\" class=\"wp-block-gutentor-m2 section-gm20d6055 gutentor-module gutentor-dynamic-columns has-color-bg has-custom-bg\"><div class=\"grid-container\"><div class=\"grid-row\">\n<div class=\"wp-block-gutentor-m2-col gutentor-module gutentor-dynamic-single-column grid-lg-3 grid-md-4 grid-12\"><div id=\"section-gm6e8d0a\" class=\"section-gm6e8d0a gutentor-single-col\"><\/div><\/div>\n\n\n\n<div class=\"wp-block-gutentor-m2-col gutentor-module gutentor-dynamic-single-column grid-lg-3 grid-md-4 grid-12\"><div id=\"section-gma730b9\" class=\"section-gma730b9 gutentor-single-col\">\n<div id=\"section-g211b25\" class=\"wp-block-gutentor-e1 section-g211b25 gutentor-element gutentor-element-advanced-text\"><div class=\"gutentor-text-wrap\"><h2 class=\"gutentor-text\"> Verf\u00fcgbarkeit <\/h2><\/div><\/div>\n\n\n\n<div id=\"section-g2e5f78\" class=\"wp-block-gutentor-e1 alignwide section-g2e5f78 gutentor-element gutentor-element-advanced-text text-align-right-desktop\"><div class=\"gutentor-text-wrap\"><p class=\"gutentor-text\"><code><div class='wpbc_only_calendar wpbc_container'><div id='calendar_booking_unselectable1'><\/div><span ><div style=\"clear:both;height:10px;\"><\/div><div class=\"wpbc_calendar_wraper wpbc_change_over_triangle wpbc_calendar_skin_legacy\"><div class=\"wpbc_cal_container bk_calendar_frame wpbc_no_custom_width  months_num_in_row_ cal_month_num_1\" style=\"\"><div id=\"calendar_booking1\"  class=\"wpbc_calendar_id_1\" >\t<style id=\"wpbc_calendar_loader_inline_css\">\r\n\t\t\/* Critical loader styles (scoped by class names) *\/\r\n\t\t.calendar_loader_frame {\r\n\t\t\twidth: calc(341px * var(--wpbc-loader-cols, 1));\r\n\t\t\tmax-width: 100%;\r\n\t\t\theight: 307px;\r\n\t\t\tdisplay: flex;\r\n\t\t\tflex-flow: column nowrap;\r\n\t\t\talign-items: center;\r\n\t\t\tjustify-content: center;\r\n\t\t\tborder-radius: 5px;\r\n\t\t\tbox-shadow: 0 0 2px #ccc;\r\n\t\t\tgap: 15px;\r\n\t\t\t\/* Calendar variables (safe fallbacks) *\/\r\n\t\t\tcolor: var(--wpbc_cal-available-text-color, #2c3e50);\r\n\t\t\tbackground: rgb(from var(--wpbc_cal-available-day-color, #e6f2ff) r g b \/ var(--wpbc_cal-day-bg-color-opacity, 1));\r\n\t\t\tborder: var(--wpbc_cal-day-cell-border-width, 1px) solid var(--wpbc_cal-available-day-color, #aacbeb);\r\n\t\t}\r\n\t\t.calendar_loader_text {\r\n\t\t\tfont-size: 18px;\r\n\t\t\ttext-align: center;\r\n\t\t}\r\n\t\t.calendar_loader_frame__progress_line_container {\r\n\t\t\twidth: 50%;\r\n\t\t\theight: 3px;\r\n\t\t\tmargin-top: 7px;\r\n\t\t\toverflow: hidden;\r\n\t\t\tbackground: #202020;\r\n\t\t\tborder-radius: 30px;\r\n\t\t}\r\n\t\t.calendar_loader_frame__progress_line {\r\n\t\t\twidth: 0%;\r\n\t\t\theight: 3px;\r\n\t\t\tbackground: #8ECE01;\r\n\t\t\tborder-radius: 30px;\r\n\t\t\tanimation: calendar_loader_bar_progress 3s infinite linear;\r\n\t\t}\r\n\t\t@keyframes calendar_loader_bar_progress {\r\n\t\t\tto {\r\n\t\t\t\twidth: 100%;\r\n\t\t\t}\r\n\t\t}\r\n\t\t@media (prefers-reduced-motion: reduce) {\r\n\t\t\t.calendar_loader_frame__progress_line {\r\n\t\t\t\tanimation: none;\r\n\t\t\t\twidth: 50%;\r\n\t\t\t}\r\n\t\t}\r\n\t<\/style>\r\n\t\t<div class=\"calendar_loader_frame calendar_loader_frame1\"\r\n\t\tdata-wpbc-rid=\"1\"\r\n\t\tdata-wpbc-grace=\"8000\"\r\n\t\tstyle=\"--wpbc-loader-cols: 1;\"\r\n\t>\r\n\t\t<div class=\"calendar_loader_text\">Loading...<\/div>\r\n\t\t<div class=\"calendar_loader_frame__progress_line_container\">\r\n\t\t\t<div class=\"calendar_loader_frame__progress_line\"><\/div>\r\n\t\t<\/div>\r\n\t<\/div>\r\n\t<\/div><\/div><textarea id=\"date_booking1\" name=\"date_booking1\" autocomplete=\"off\" style=\"display:none;\"><\/textarea><div class=\"block_hints datepick \"><div class=\"wpdev_hint_with_text\"><div class=\"\"><div class=\"datepick-inline wpbc_calendar_legend_table_width_height\"><table class=\"datepick wpbc_calendar\" style=\"\"><tbody><tr><td class=\"datepick-days-cell date_available wpbc_calendar_legend_day_cell_height\"><div class=\"wpbc-cell-box\">\t<div class=\"date-cell-content\">\t\t<div class=\"date-content-top\"><\/div>\t\t<a>&nbsp;<\/a>\t\t<div class=\"date-content-bottom\"><\/div>\t<\/div><\/div><\/td><\/tr><\/tbody><\/table><\/div><\/div><div class=\"block_text\">- <\/div><div class=\"block_text\">Disponibile<\/div><\/div><div class=\"wpdev_hint_with_text\"><div class=\"\"><div class=\"datepick-inline wpbc_calendar_legend_table_width_height\"><table class=\"datepick wpbc_calendar\" style=\"\"><tbody><tr><td class=\"datepick-days-cell datepick-unselectable date_user_unavailable full_day_booking date_approved wpbc_calendar_legend_day_cell_height\"><div class=\"wpbc-cell-box\">\t<div class=\"date-cell-content\">\t\t<div class=\"date-content-top\"><\/div>\t\t<span>&nbsp;<\/span>\t\t<div class=\"date-content-bottom\"><\/div>\t<\/div><\/div><\/td><\/tr><\/tbody><\/table><\/div><\/div><div class=\"block_text\">- <\/div><div class=\"block_text\">Prenotato<\/div><\/div><div class=\"wpdev_hint_with_text\"><div class=\"\"><span class=\" wpbc_change_over_triangle\"><div class=\"datepick-inline wpbc_calendar_legend_table_width_height\"><table class=\"datepick wpbc_calendar\" style=\"\"><tbody><tr><td class=\"datepick-days-cell date_available date2approve timespartly times_clock wpbc_calendar_legend_day_cell_height\"><div class=\"wpbc-cell-box\">\t<div class=\"wpbc-diagonal-el\">\t\t<div class=\"wpbc-co-out\"><svg height=\"100%\" width=\"100%\" viewBox=\"0 0 100 100\" preserveAspectRatio=\"none\"><polygon points=\"0,0 0,99 99,0\"><\/polygon><polygon points=\"0,0 0,100 49,100 49,0\"><\/polygon><\/svg><\/div>\t\t<div class=\"wpbc-co-in\"><svg height=\"100%\" width=\"100%\" viewBox=\"0 0 98 98\" preserveAspectRatio=\"none\"><polygon points=\"0,99 99,99 99,0\"><\/polygon><polygon points=\"50,98 98,98 98,0 50,0\"><\/polygon><\/svg><\/div>\t<\/div>\t<div class=\"date-cell-content\">\t\t<div class=\"date-content-top\"><div class=\"wpbc_time_dots\">\u00b7<\/div><\/div>\t\t<a>&nbsp;<\/a>\t\t<div class=\"date-content-bottom\"><\/div>\t<\/div><\/div><\/td><\/tr><\/tbody><\/table><\/div><\/span><\/div><div class=\"block_text\">- <\/div><div class=\"block_text\">\ufeffParzialmente prenotato<\/div><\/div><\/div><\/div> <script type=\"text\/javascript\"> (function() { var a = setInterval( function() {  if ( ( 'undefined' === typeof _wpbc ) || ( 'undefined' === typeof jQuery ) || ! window.jQuery ) { return; } clearInterval( a ); jQuery( document ).ready( function (){ _wpbc.balancer__set_max_threads( 3 );  _wpbc.calendar__set_param_value( 1 , 'calendar_scroll_to' , false );  _wpbc.calendar__set_param_value( 1 , 'calendar_dates_start' , '' );  _wpbc.calendar__set_param_value( 1 , 'calendar_dates_end' , '' );  _wpbc.calendar__set_param_value( 1 , 'booking_max_monthes_in_calendar' , '1y' );  _wpbc.calendar__set_param_value( 1 , 'booking_start_day_weeek' , '1' );  _wpbc.calendar__set_param_value( 1 , 'calendar_number_of_months' , '1' );   _wpbc.calendar__set_param_value( 1, 'days_select_mode', 'multiple' );   _wpbc.calendar__set_param_value( 1, 'fixed__days_num', 0 );   _wpbc.calendar__set_param_value( 1, 'fixed__week_days__start',   [] );   _wpbc.calendar__set_param_value( 1, 'dynamic__days_min', 0 );   _wpbc.calendar__set_param_value( 1, 'dynamic__days_max', 0 );   _wpbc.calendar__set_param_value( 1, 'dynamic__days_specific',    [] );   _wpbc.calendar__set_param_value( 1, 'dynamic__week_days__start', [] );   _wpbc.calendar__set_param_value( 1, 'booking_date_format', 'F j, Y' );   _wpbc.calendar__set_param_value( 1, 'booking_time_format', 'H:i' );   if ( 'function' === typeof ( wpbc__conditions__SAVE_INITIAL__days_selection_params__bm ) ){ wpbc__conditions__SAVE_INITIAL__days_selection_params__bm( 1 ); }   wpbc_calendar_show( '1' );   _wpbc.set_secure_param( 'nonce',   '1f22b36761' );   _wpbc.set_secure_param( 'user_id', '0' );   _wpbc.set_secure_param( 'locale',  'de_DE' );  wpbc_calendar__load_data__ajx( {\"resource_id\":1,\"booking_hash\":\"\",\"request_uri\":\"\\\/de\\\/wp-json\\\/wp\\\/v2\\\/pages\\\/527\",\"custom_form\":\"standard\",\"aggregate_resource_id_str\":\"\",\"aggregate_type\":\"all\"} ); } ); }, 500 ); })();<\/script><\/span><\/div><\/code><\/p><\/div><\/div>\n<\/div><\/div>\n\n\n\n<div class=\"wp-block-gutentor-m2-col gutentor-module gutentor-dynamic-single-column grid-lg-3 grid-md-4 grid-12\"><div id=\"section-gm370d4e\" class=\"section-gm370d4e gutentor-single-col\">\n<div id=\"section-gabc4af\" class=\"wp-block-gutentor-e0 section-gabc4af gutentor-element gutentor-element-advanced-text text-align-center-desktop\"><div class=\"gutentor-text-wrap\"><h2 class=\"gutentor-text\"> Schreiben Sie uns!<\/h2><\/div><\/div>\n\n\n\n<div id=\"section-g231297\" class=\"wp-block-gutentor-e0 section-g231297 gutentor-element gutentor-element-advanced-text text-align-left-desktop\"><div class=\"gutentor-text-wrap\"><p class=\"gutentor-text\">\n<div class=\"wpcf7 no-js\" id=\"wpcf7-f618-o1\" lang=\"it-IT\" dir=\"ltr\" data-wpcf7-id=\"618\">\n<div class=\"screen-reader-response\"><p role=\"status\" aria-live=\"polite\" aria-atomic=\"true\"><\/p> <ul><\/ul><\/div>\n<form action=\"\/de\/wp-json\/wp\/v2\/pages\/527#wpcf7-f618-o1\" method=\"post\" class=\"wpcf7-form init\" aria-label=\"Contact form\" novalidate=\"novalidate\" data-status=\"init\">\n<fieldset class=\"hidden-fields-container\"><input type=\"hidden\" name=\"_wpcf7\" value=\"618\" \/><input type=\"hidden\" name=\"_wpcf7_version\" value=\"6.1.3\" \/><input type=\"hidden\" name=\"_wpcf7_locale\" value=\"it_IT\" \/><input type=\"hidden\" name=\"_wpcf7_unit_tag\" value=\"wpcf7-f618-o1\" \/><input type=\"hidden\" name=\"_wpcf7_container_post\" value=\"0\" \/><input type=\"hidden\" name=\"_wpcf7_posted_data_hash\" value=\"\" \/><input type=\"hidden\" name=\"_wpcf7_recaptcha_response\" value=\"\" \/>\n<\/fieldset>\n<p><label> Name (erforderlich)<br \/>\n<span class=\"wpcf7-form-control-wrap\" data-name=\"your-name\"><input size=\"40\" maxlength=\"400\" class=\"wpcf7-form-control wpcf7-text wpcf7-validates-as-required\" aria-required=\"true\" aria-invalid=\"false\" value=\"\" type=\"text\" name=\"your-name\" \/><\/span> <\/label>\n<\/p>\n<p><label> Email (erforderlich)<br \/>\n<span class=\"wpcf7-form-control-wrap\" data-name=\"your-email\"><input size=\"40\" maxlength=\"400\" class=\"wpcf7-form-control wpcf7-email wpcf7-validates-as-required wpcf7-text wpcf7-validates-as-email\" aria-required=\"true\" aria-invalid=\"false\" value=\"\" type=\"email\" name=\"your-email\" \/><\/span> <\/label>\n<\/p>\n<p><label> Telefon<br \/>\n<span class=\"wpcf7-form-control-wrap\" data-name=\"phone\"><input size=\"40\" maxlength=\"400\" class=\"wpcf7-form-control wpcf7-tel wpcf7-text wpcf7-validates-as-tel\" aria-invalid=\"false\" value=\"\" type=\"tel\" name=\"phone\" \/><\/span> <\/label>\n<\/p>\n<p><label> Objekt<br \/>\n<span class=\"wpcf7-form-control-wrap\" data-name=\"your-subject\"><input size=\"40\" maxlength=\"400\" class=\"wpcf7-form-control wpcf7-text\" aria-invalid=\"false\" value=\"\" type=\"text\" name=\"your-subject\" \/><\/span> <\/label>\n<\/p>\n<p><label> Nachricht<br \/>\n<span class=\"wpcf7-form-control-wrap\" data-name=\"your-message\"><textarea cols=\"40\" rows=\"10\" maxlength=\"2000\" class=\"wpcf7-form-control wpcf7-textarea\" aria-invalid=\"false\" name=\"your-message\"><\/textarea><\/span> <\/label>\n<\/p>\n<p><input class=\"wpcf7-form-control wpcf7-submit has-spinner\" type=\"submit\" value=\"Senden\" \/>\n<\/p><div class=\"wpcf7-response-output\" aria-hidden=\"true\"><\/div>\n<\/form>\n<\/div>\n<\/p><\/div><\/div>\n<\/div><\/div>\n\n\n\n<div class=\"wp-block-gutentor-m2-col gutentor-module gutentor-dynamic-single-column grid-lg-3 grid-md-4 grid-12\"><div id=\"section-gm0fa098\" class=\"section-gm0fa098 gutentor-single-col\"><\/div><\/div>\n<\/div><\/div><\/section>\n<\/div><\/div>\n<\/div><\/div>\n","protected":false},"excerpt":{"rendered":"<p>Verf\u00fcgbarkeit und Preise<\/p>\n","protected":false},"author":1,"featured_media":0,"parent":0,"menu_order":0,"comment_status":"closed","ping_status":"closed","template":"template-gutentor-full-width.php","meta":{"footnotes":""},"class_list":["post-527","page","type-page","status-publish","hentry"],"_links":{"self":[{"href":"https:\/\/www.holiday-stmoritz.com\/de\/wp-json\/wp\/v2\/pages\/527","targetHints":{"allow":["GET"]}}],"collection":[{"href":"https:\/\/www.holiday-stmoritz.com\/de\/wp-json\/wp\/v2\/pages"}],"about":[{"href":"https:\/\/www.holiday-stmoritz.com\/de\/wp-json\/wp\/v2\/types\/page"}],"author":[{"embeddable":true,"href":"https:\/\/www.holiday-stmoritz.com\/de\/wp-json\/wp\/v2\/users\/1"}],"replies":[{"embeddable":true,"href":"https:\/\/www.holiday-stmoritz.com\/de\/wp-json\/wp\/v2\/comments?post=527"}],"version-history":[{"count":47,"href":"https:\/\/www.holiday-stmoritz.com\/de\/wp-json\/wp\/v2\/pages\/527\/revisions"}],"predecessor-version":[{"id":956,"href":"https:\/\/www.holiday-stmoritz.com\/de\/wp-json\/wp\/v2\/pages\/527\/revisions\/956"}],"wp:attachment":[{"href":"https:\/\/www.holiday-stmoritz.com\/de\/wp-json\/wp\/v2\/media?parent=527"}],"curies":[{"name":"wp","href":"https:\/\/api.w.org\/{rel}","templated":true}]}}